{"id":135,"date":"2018-06-01T17:27:26","date_gmt":"2018-06-01T15:27:26","guid":{"rendered":"http:\/\/cueilleurdememoire.fr\/?page_id=135"},"modified":"2022-04-05T13:05:27","modified_gmt":"2022-04-05T11:05:27","slug":"exemples-de-travaux","status":"publish","type":"page","link":"https:\/\/cueilleurdememoire.fr\/?page_id=135","title":{"rendered":"Exemples de travaux"},"content":{"rendered":"<h4><span style=\"color: #ff6600;\"><strong><a style=\"color: #ff6600;\" href=\"https:\/\/cueilleurdememoire.fr\/?page_id=364\">\u21d2 Autobiographie \u00ab\u00a0Souvenirs d&rsquo;une centenaire\u00a0\u00bb<\/a><\/strong><\/span><\/h4>\n<h4>\u00a0<\/h4>\n<h4><span style=\"color: #ff6600;\"><strong><span style=\"color: #ff6600;\"><a style=\"color: #ff6600;\" href=\"https:\/\/cueilleurdememoire.fr\/?page_id=382\">\u21d2 Autobiographie \u00ab\u00a0De la Dr\u00f4me \u00e0 la Lorraine &#8211; Une humble vie de labeur\u00a0\u00bb<\/a><\/span><br \/><\/strong><\/span><\/h4>\n<h4>\u00a0<\/h4>\n<h4><strong><a href=\"https:\/\/cueilleurdememoire.fr\/?page_id=372\"><span style=\"color: #ff6600;\">\u21d2 Autobiographie \u00ab\u00a01981 : M\u00e9moires\u00a0\u00bb<\/span><\/a><\/strong><\/h4>\n<h4>\u00a0<\/h4>\n<h4><strong><span style=\"color: #ff6600;\"><a style=\"color: #ff6600;\" href=\"http:\/\/cueilleurdememoire.fr\/?page_id=217\">\u21d2 Autobiographie \u00ab\u00a0Fleurette, tout est possible\u00a0\u00bb<\/a><\/span><\/strong><\/h4>\n<h4>\u00a0<\/h4>\n<h4><strong><span style=\"color: #ff6600;\"><a style=\"color: #ff6600;\" href=\"http:\/\/cueilleurdememoire.fr\/?page_id=131\">\u21d2 Autobiographie \u00ab\u00a0De Fermes en Fleurs\u00a0\u00bb<\/a><\/span><\/strong><\/h4>\n<h4>\u00a0<\/h4>\n<h4><strong><span style=\"color: #ff6600;\"><a style=\"color: #ff6600;\" href=\"http:\/\/cueilleurdememoire.fr\/?page_id=131\">\u21d2\u00a0<\/a><a style=\"color: #ff6600;\" href=\"http:\/\/cueilleurdememoire.fr\/?page_id=174\">Exposition \u00ab\u00a0Point de Vue, Point de Vie\u00a0\u00bb &#8211; Maison des Solidarit\u00e9s Nelson Mandela (Valence)<\/a><\/span><\/strong><\/h4>\n<h4>\u00a0<\/h4>\n<h4><strong><span style=\"color: #ff6600;\"><a style=\"color: #ff6600;\" href=\"http:\/\/cueilleurdememoire.fr\/?page_id=131\">\u21d2<\/a><\/span><\/strong><a href=\"http:\/\/cueilleurdememoire.fr\/?page_id=184\"><span style=\"color: #003300;\"><strong><span style=\"color: #ff6600;\">\u00a0Vid\u00e9os de pr\u00e9sentation d&rsquo;associations<\/span><\/strong><\/span><\/a><\/h4>\n<h4>\u00a0<\/h4>\n\n\n<p><\/p>\n","protected":false},"excerpt":{"rendered":"<p>\u21d2 Autobiographie \u00ab\u00a0Souvenirs d&rsquo;une centenaire\u00a0\u00bb \u00a0 \u21d2 Autobiographie \u00ab\u00a0De la Dr\u00f4me \u00e0 la Lorraine &#8211; Une humble vie de labeur\u00a0\u00bb \u00a0 \u21d2 Autobiographie \u00ab\u00a01981 : M\u00e9moires\u00a0\u00bb \u00a0 \u21d2 Autobiographie \u00ab\u00a0Fleurette, tout est possible\u00a0\u00bb \u00a0 \u21d2 Autobiographie \u00ab\u00a0De Fermes en Fleurs\u00a0\u00bb \u00a0 \u21d2\u00a0Exposition \u00ab\u00a0Point de Vue, Point de Vie\u00a0\u00bb &#8211; Maison des Solidarit\u00e9s Nelson Mandela (Valence) [&hellip;]<\/p>\n","protected":false},"author":1,"featured_media":0,"parent":0,"menu_order":0,"comment_status":"closed","ping_status":"closed","template":"","meta":[],"yoast_head":"<!-- This site is optimized with the Yoast SEO plugin v18.5 - https:\/\/yoast.com\/wordpress\/plugins\/seo\/ -->\n<title>Exemples de travaux &ndash; Cueilleur de m\u00e9moire - \u00e9crivain biographe en Dr\u00f4me et Rh\u00f4ne-Alpes<\/title>\n<meta name=\"robots\" content=\"index, follow, max-snippet:-1, max-image-preview:large, max-video-preview:-1\" \/>\n<link rel=\"canonical\" href=\"https:\/\/cueilleurdememoire.fr\/?page_id=135\" \/>\n<meta property=\"og:locale\" content=\"fr_FR\" \/>\n<meta property=\"og:type\" content=\"article\" \/>\n<meta property=\"og:title\" content=\"Exemples de travaux &ndash; Cueilleur de m\u00e9moire - \u00e9crivain biographe en Dr\u00f4me et Rh\u00f4ne-Alpes\" \/>\n<meta property=\"og:description\" content=\"\u21d2 Autobiographie \u00ab\u00a0Souvenirs d&rsquo;une centenaire\u00a0\u00bb \u00a0 \u21d2 Autobiographie \u00ab\u00a0De la Dr\u00f4me \u00e0 la Lorraine &#8211; Une humble vie de labeur\u00a0\u00bb \u00a0 \u21d2 Autobiographie \u00ab\u00a01981 : M\u00e9moires\u00a0\u00bb \u00a0 \u21d2 Autobiographie \u00ab\u00a0Fleurette, tout est possible\u00a0\u00bb \u00a0 \u21d2 Autobiographie \u00ab\u00a0De Fermes en Fleurs\u00a0\u00bb \u00a0 \u21d2\u00a0Exposition \u00ab\u00a0Point de Vue, Point de Vie\u00a0\u00bb &#8211; Maison des Solidarit\u00e9s Nelson Mandela (Valence) [&hellip;]\" \/>\n<meta property=\"og:url\" content=\"https:\/\/cueilleurdememoire.fr\/?page_id=135\" \/>\n<meta property=\"og:site_name\" content=\"Cueilleur de m\u00e9moire - \u00e9crivain biographe en Dr\u00f4me et Rh\u00f4ne-Alpes\" \/>\n<meta property=\"article:modified_time\" content=\"2022-04-05T11:05:27+00:00\" \/>\n<meta name=\"twitter:card\" content=\"summary_large_image\" \/>\n<script type=\"application\/ld+json\" class=\"yoast-schema-graph\">{\"@context\":\"https:\/\/schema.org\",\"@graph\":[{\"@type\":\"Organization\",\"@id\":\"https:\/\/cueilleurdememoire.fr\/#organization\",\"name\":\"Cueilleur de m\u00e9moire - biographe familial en Dr\u00f4me et Rh\u00f4ne-Alpes\",\"url\":\"https:\/\/cueilleurdememoire.fr\/\",\"sameAs\":[],\"logo\":{\"@type\":\"ImageObject\",\"@id\":\"https:\/\/cueilleurdememoire.fr\/#logo\",\"inLanguage\":\"fr-FR\",\"url\":\"https:\/\/cueilleurdememoire.fr\/wp-content\/uploads\/2018\/05\/LOGO300.jpg\",\"contentUrl\":\"https:\/\/cueilleurdememoire.fr\/wp-content\/uploads\/2018\/05\/LOGO300.jpg\",\"width\":300,\"height\":312,\"caption\":\"Cueilleur de m\u00e9moire - biographe familial en Dr\u00f4me et Rh\u00f4ne-Alpes\"},\"image\":{\"@id\":\"https:\/\/cueilleurdememoire.fr\/#logo\"}},{\"@type\":\"WebSite\",\"@id\":\"https:\/\/cueilleurdememoire.fr\/#website\",\"url\":\"https:\/\/cueilleurdememoire.fr\/\",\"name\":\"Cueilleur de m\u00e9moire - \u00e9crivain biographe en Dr\u00f4me et Rh\u00f4ne-Alpes\",\"description\":\"\",\"publisher\":{\"@id\":\"https:\/\/cueilleurdememoire.fr\/#organization\"},\"potentialAction\":[{\"@type\":\"SearchAction\",\"target\":{\"@type\":\"EntryPoint\",\"urlTemplate\":\"https:\/\/cueilleurdememoire.fr\/?s={search_term_string}\"},\"query-input\":\"required name=search_term_string\"}],\"inLanguage\":\"fr-FR\"},{\"@type\":\"WebPage\",\"@id\":\"https:\/\/cueilleurdememoire.fr\/?page_id=135#webpage\",\"url\":\"https:\/\/cueilleurdememoire.fr\/?page_id=135\",\"name\":\"Exemples de travaux &ndash; Cueilleur de m\u00e9moire - \u00e9crivain biographe en Dr\u00f4me et Rh\u00f4ne-Alpes\",\"isPartOf\":{\"@id\":\"https:\/\/cueilleurdememoire.fr\/#website\"},\"datePublished\":\"2018-06-01T15:27:26+00:00\",\"dateModified\":\"2022-04-05T11:05:27+00:00\",\"breadcrumb\":{\"@id\":\"https:\/\/cueilleurdememoire.fr\/?page_id=135#breadcrumb\"},\"inLanguage\":\"fr-FR\",\"potentialAction\":[{\"@type\":\"ReadAction\",\"target\":[\"https:\/\/cueilleurdememoire.fr\/?page_id=135\"]}]},{\"@type\":\"BreadcrumbList\",\"@id\":\"https:\/\/cueilleurdememoire.fr\/?page_id=135#breadcrumb\",\"itemListElement\":[{\"@type\":\"ListItem\",\"position\":1,\"name\":\"Accueil\",\"item\":\"https:\/\/cueilleurdememoire.fr\/\"},{\"@type\":\"ListItem\",\"position\":2,\"name\":\"Exemples de travaux\"}]}]}<\/script>\n<!-- \/ Yoast SEO plugin. -->","yoast_head_json":{"title":"Exemples de travaux &ndash; Cueilleur de m\u00e9moire - \u00e9crivain biographe en Dr\u00f4me et Rh\u00f4ne-Alpes","robots":{"index":"index","follow":"follow","max-snippet":"max-snippet:-1","max-image-preview":"max-image-preview:large","max-video-preview":"max-video-preview:-1"},"canonical":"https:\/\/cueilleurdememoire.fr\/?page_id=135","og_locale":"fr_FR","og_type":"article","og_title":"Exemples de travaux &ndash; Cueilleur de m\u00e9moire - \u00e9crivain biographe en Dr\u00f4me et Rh\u00f4ne-Alpes","og_description":"\u21d2 Autobiographie \u00ab\u00a0Souvenirs d&rsquo;une centenaire\u00a0\u00bb \u00a0 \u21d2 Autobiographie \u00ab\u00a0De la Dr\u00f4me \u00e0 la Lorraine &#8211; Une humble vie de labeur\u00a0\u00bb \u00a0 \u21d2 Autobiographie \u00ab\u00a01981 : M\u00e9moires\u00a0\u00bb \u00a0 \u21d2 Autobiographie \u00ab\u00a0Fleurette, tout est possible\u00a0\u00bb \u00a0 \u21d2 Autobiographie \u00ab\u00a0De Fermes en Fleurs\u00a0\u00bb \u00a0 \u21d2\u00a0Exposition \u00ab\u00a0Point de Vue, Point de Vie\u00a0\u00bb &#8211; Maison des Solidarit\u00e9s Nelson Mandela (Valence) [&hellip;]","og_url":"https:\/\/cueilleurdememoire.fr\/?page_id=135","og_site_name":"Cueilleur de m\u00e9moire - \u00e9crivain biographe en Dr\u00f4me et Rh\u00f4ne-Alpes","article_modified_time":"2022-04-05T11:05:27+00:00","twitter_card":"summary_large_image","schema":{"@context":"https:\/\/schema.org","@graph":[{"@type":"Organization","@id":"https:\/\/cueilleurdememoire.fr\/#organization","name":"Cueilleur de m\u00e9moire - biographe familial en Dr\u00f4me et Rh\u00f4ne-Alpes","url":"https:\/\/cueilleurdememoire.fr\/","sameAs":[],"logo":{"@type":"ImageObject","@id":"https:\/\/cueilleurdememoire.fr\/#logo","inLanguage":"fr-FR","url":"https:\/\/cueilleurdememoire.fr\/wp-content\/uploads\/2018\/05\/LOGO300.jpg","contentUrl":"https:\/\/cueilleurdememoire.fr\/wp-content\/uploads\/2018\/05\/LOGO300.jpg","width":300,"height":312,"caption":"Cueilleur de m\u00e9moire - biographe familial en Dr\u00f4me et Rh\u00f4ne-Alpes"},"image":{"@id":"https:\/\/cueilleurdememoire.fr\/#logo"}},{"@type":"WebSite","@id":"https:\/\/cueilleurdememoire.fr\/#website","url":"https:\/\/cueilleurdememoire.fr\/","name":"Cueilleur de m\u00e9moire - \u00e9crivain biographe en Dr\u00f4me et Rh\u00f4ne-Alpes","description":"","publisher":{"@id":"https:\/\/cueilleurdememoire.fr\/#organization"},"potentialAction":[{"@type":"SearchAction","target":{"@type":"EntryPoint","urlTemplate":"https:\/\/cueilleurdememoire.fr\/?s={search_term_string}"},"query-input":"required name=search_term_string"}],"inLanguage":"fr-FR"},{"@type":"WebPage","@id":"https:\/\/cueilleurdememoire.fr\/?page_id=135#webpage","url":"https:\/\/cueilleurdememoire.fr\/?page_id=135","name":"Exemples de travaux &ndash; Cueilleur de m\u00e9moire - \u00e9crivain biographe en Dr\u00f4me et Rh\u00f4ne-Alpes","isPartOf":{"@id":"https:\/\/cueilleurdememoire.fr\/#website"},"datePublished":"2018-06-01T15:27:26+00:00","dateModified":"2022-04-05T11:05:27+00:00","breadcrumb":{"@id":"https:\/\/cueilleurdememoire.fr\/?page_id=135#breadcrumb"},"inLanguage":"fr-FR","potentialAction":[{"@type":"ReadAction","target":["https:\/\/cueilleurdememoire.fr\/?page_id=135"]}]},{"@type":"BreadcrumbList","@id":"https:\/\/cueilleurdememoire.fr\/?page_id=135#breadcrumb","itemListElement":[{"@type":"ListItem","position":1,"name":"Accueil","item":"https:\/\/cueilleurdememoire.fr\/"},{"@type":"ListItem","position":2,"name":"Exemples de travaux"}]}]}},"_links":{"self":[{"href":"https:\/\/cueilleurdememoire.fr\/index.php?rest_route=\/wp\/v2\/pages\/135"}],"collection":[{"href":"https:\/\/cueilleurdememoire.fr\/index.php?rest_route=\/wp\/v2\/pages"}],"about":[{"href":"https:\/\/cueilleurdememoire.fr\/index.php?rest_route=\/wp\/v2\/types\/page"}],"author":[{"embeddable":true,"href":"https:\/\/cueilleurdememoire.fr\/index.php?rest_route=\/wp\/v2\/users\/1"}],"replies":[{"embeddable":true,"href":"https:\/\/cueilleurdememoire.fr\/index.php?rest_route=%2Fwp%2Fv2%2Fcomments&post=135"}],"version-history":[{"count":28,"href":"https:\/\/cueilleurdememoire.fr\/index.php?rest_route=\/wp\/v2\/pages\/135\/revisions"}],"predecessor-version":[{"id":414,"href":"https:\/\/cueilleurdememoire.fr\/index.php?rest_route=\/wp\/v2\/pages\/135\/revisions\/414"}],"wp:attachment":[{"href":"https:\/\/cueilleurdememoire.fr\/index.php?rest_route=%2Fwp%2Fv2%2Fmedia&parent=135"}],"curies":[{"name":"wp","href":"https:\/\/api.w.org\/{rel}","templated":true}]}}