{"id":174,"date":"2018-06-01T17:38:41","date_gmt":"2018-06-01T15:38:41","guid":{"rendered":"http:\/\/cueilleurdememoire.fr\/?page_id=174"},"modified":"2019-05-14T22:45:31","modified_gmt":"2019-05-14T20:45:31","slug":"exposition-sur-egalite-femme-homme","status":"publish","type":"page","link":"https:\/\/cueilleurdememoire.fr\/?page_id=174","title":{"rendered":"Exposition sur l&rsquo;\u00e9galit\u00e9 femmes-hommes"},"content":{"rendered":"<p>Exposition r\u00e9alis\u00e9e en 2015 en partenariat avec la Maison des Solidarit\u00e9s Nelson Mandela de Valence<\/p>\n<div id=\"metaslider-id-139\" style=\"max-width: 750px;\" class=\"ml-slider-3-27-3 metaslider metaslider-coin metaslider-139 ml-slider ms-theme-simply-dark has-dots-nav\">\n    <div id=\"metaslider_container_139\">\n        <div id='metaslider_139' class='coin-slider'>\n<a href=\"javascript:void(0)\" target=\"_self\"><img src=\"https:\/\/cueilleurdememoire.fr\/wp-content\/uploads\/2018\/06\/CARTEL_PRESENTATION-750x550.jpg\" height=\"550\" width=\"750\" alt=\"\" class=\"slider-139 slide-160\" title=\"Exposition &quot;Point de vue point de vie&quot; sur l&#039;\u00e9galit\u00e9 femmes-hommes\" style=\"display: none;\" \/><\/a>\n<a href=\"javascript:void(0)\" target=\"_self\"><img src=\"https:\/\/cueilleurdememoire.fr\/wp-content\/uploads\/2018\/06\/akila2-750x550.jpg\" height=\"550\" width=\"750\" alt=\"\" class=\"slider-139 slide-157\" title=\"akila2\" style=\"display: none;\" \/><\/a>\n<a href=\"javascript:void(0)\" target=\"_self\"><img src=\"https:\/\/cueilleurdememoire.fr\/wp-content\/uploads\/2018\/06\/andreas-750x550.jpg\" height=\"550\" width=\"750\" alt=\"\" class=\"slider-139 slide-158\" title=\"andreas\" style=\"display: none;\" \/><\/a>\n<a href=\"javascript:void(0)\" target=\"_self\"><img src=\"https:\/\/cueilleurdememoire.fr\/wp-content\/uploads\/2018\/06\/betty-750x550.jpg\" height=\"550\" width=\"750\" alt=\"\" class=\"slider-139 slide-159\" title=\"betty\" style=\"display: none;\" \/><\/a>\n<a href=\"javascript:void(0)\" target=\"_self\"><img src=\"https:\/\/cueilleurdememoire.fr\/wp-content\/uploads\/2018\/06\/eugenie2-750x550.jpg\" height=\"550\" width=\"750\" alt=\"\" class=\"slider-139 slide-161\" title=\"eugenie2\" style=\"display: none;\" \/><\/a>\n<a href=\"javascript:void(0)\" target=\"_self\"><img src=\"https:\/\/cueilleurdememoire.fr\/wp-content\/uploads\/2018\/06\/francois2-750x550.jpg\" height=\"550\" width=\"750\" alt=\"\" class=\"slider-139 slide-162\" title=\"francois2\" style=\"display: none;\" \/><\/a>\n<a href=\"javascript:void(0)\" target=\"_self\"><img src=\"https:\/\/cueilleurdememoire.fr\/wp-content\/uploads\/2018\/06\/hafida2-750x550.jpg\" height=\"550\" width=\"750\" alt=\"\" class=\"slider-139 slide-163\" title=\"hafida2\" style=\"display: none;\" \/><\/a>\n<a href=\"javascript:void(0)\" target=\"_self\"><img src=\"https:\/\/cueilleurdememoire.fr\/wp-content\/uploads\/2018\/06\/hermine-750x550.jpg\" height=\"550\" width=\"750\" alt=\"\" class=\"slider-139 slide-164\" title=\"hermine\" style=\"display: none;\" \/><\/a>\n<a href=\"javascript:void(0)\" target=\"_self\"><img src=\"https:\/\/cueilleurdememoire.fr\/wp-content\/uploads\/2018\/06\/Kheira-750x550.jpg\" height=\"550\" width=\"750\" alt=\"\" class=\"slider-139 slide-165\" title=\"Kheira\" style=\"display: none;\" \/><\/a>\n<a href=\"javascript:void(0)\" target=\"_self\"><img src=\"https:\/\/cueilleurdememoire.fr\/wp-content\/uploads\/2018\/06\/laura2-750x550.jpg\" height=\"550\" width=\"750\" alt=\"\" class=\"slider-139 slide-166\" title=\"laura2\" style=\"display: none;\" \/><\/a>\n<a href=\"javascript:void(0)\" target=\"_self\"><img src=\"https:\/\/cueilleurdememoire.fr\/wp-content\/uploads\/2018\/06\/maha_modo2-750x550.jpg\" height=\"550\" width=\"750\" alt=\"\" class=\"slider-139 slide-167\" title=\"maha_modo2\" style=\"display: none;\" \/><\/a>\n<a href=\"javascript:void(0)\" target=\"_self\"><img src=\"https:\/\/cueilleurdememoire.fr\/wp-content\/uploads\/2018\/06\/marie-750x550.jpg\" height=\"550\" width=\"750\" alt=\"\" class=\"slider-139 slide-168\" title=\"marie\" style=\"display: none;\" \/><\/a>\n<a href=\"javascript:void(0)\" target=\"_self\"><img src=\"https:\/\/cueilleurdememoire.fr\/wp-content\/uploads\/2018\/06\/mohamed2-750x550.jpg\" height=\"550\" width=\"750\" alt=\"\" class=\"slider-139 slide-169\" title=\"mohamed2\" style=\"display: none;\" \/><\/a>\n<a href=\"javascript:void(0)\" target=\"_self\"><img src=\"https:\/\/cueilleurdememoire.fr\/wp-content\/uploads\/2018\/06\/salome-750x550.jpg\" height=\"550\" width=\"750\" alt=\"\" class=\"slider-139 slide-170\" title=\"salome\" style=\"display: none;\" \/><\/a>\n<a href=\"javascript:void(0)\" target=\"_self\"><img src=\"https:\/\/cueilleurdememoire.fr\/wp-content\/uploads\/2018\/06\/serge-750x550.jpg\" height=\"550\" width=\"750\" alt=\"\" class=\"slider-139 slide-171\" title=\"serge\" style=\"display: none;\" \/><\/a>\n<a href=\"javascript:void(0)\" target=\"_self\"><img src=\"https:\/\/cueilleurdememoire.fr\/wp-content\/uploads\/2018\/06\/Sid_Hamed-750x550.jpg\" height=\"550\" width=\"750\" alt=\"\" class=\"slider-139 slide-172\" title=\"Sid_Hamed\" style=\"display: none;\" \/><\/a>\n<a href=\"javascript:void(0)\" target=\"_self\"><img src=\"https:\/\/cueilleurdememoire.fr\/wp-content\/uploads\/2018\/06\/sylvie-750x550.jpg\" height=\"550\" width=\"750\" alt=\"\" class=\"slider-139 slide-173\" title=\"sylvie\" style=\"display: none;\" \/><\/a>\n        <\/div>\n        \n    <\/div>\n<\/div>\n","protected":false},"excerpt":{"rendered":"<p>Exposition r\u00e9alis\u00e9e en 2015 en partenariat avec la Maison des Solidarit\u00e9s Nelson Mandela de Valence<\/p>\n","protected":false},"author":1,"featured_media":0,"parent":0,"menu_order":0,"comment_status":"closed","ping_status":"closed","template":"","meta":[],"yoast_head":"<!-- This site is optimized with the Yoast SEO plugin v18.5 - https:\/\/yoast.com\/wordpress\/plugins\/seo\/ -->\n<title>Exposition sur l&#039;\u00e9galit\u00e9 femmes-hommes &ndash; Cueilleur de m\u00e9moire - \u00e9crivain biographe en Dr\u00f4me et Rh\u00f4ne-Alpes<\/title>\n<meta name=\"description\" content=\"Exposition r\u00e9alis\u00e9e en 2015 en partenariat avec la Maison des Solidarit\u00e9s Nelson Mandela de Valence\" \/>\n<meta name=\"robots\" content=\"index, follow, max-snippet:-1, max-image-preview:large, max-video-preview:-1\" \/>\n<link rel=\"canonical\" href=\"https:\/\/cueilleurdememoire.fr\/?page_id=174\" \/>\n<meta property=\"og:locale\" content=\"fr_FR\" \/>\n<meta property=\"og:type\" content=\"article\" \/>\n<meta property=\"og:title\" content=\"Exposition sur l&#039;\u00e9galit\u00e9 femmes-hommes &ndash; Cueilleur de m\u00e9moire - \u00e9crivain biographe en Dr\u00f4me et Rh\u00f4ne-Alpes\" \/>\n<meta property=\"og:description\" content=\"Exposition r\u00e9alis\u00e9e en 2015 en partenariat avec la Maison des Solidarit\u00e9s Nelson Mandela de Valence\" \/>\n<meta property=\"og:url\" content=\"https:\/\/cueilleurdememoire.fr\/?page_id=174\" \/>\n<meta property=\"og:site_name\" content=\"Cueilleur de m\u00e9moire - \u00e9crivain biographe en Dr\u00f4me et Rh\u00f4ne-Alpes\" \/>\n<meta property=\"article:modified_time\" content=\"2019-05-14T20:45:31+00:00\" \/>\n<meta name=\"twitter:card\" content=\"summary_large_image\" \/>\n<script type=\"application\/ld+json\" class=\"yoast-schema-graph\">{\"@context\":\"https:\/\/schema.org\",\"@graph\":[{\"@type\":\"Organization\",\"@id\":\"https:\/\/cueilleurdememoire.fr\/#organization\",\"name\":\"Cueilleur de m\u00e9moire - biographe familial en Dr\u00f4me et Rh\u00f4ne-Alpes\",\"url\":\"https:\/\/cueilleurdememoire.fr\/\",\"sameAs\":[],\"logo\":{\"@type\":\"ImageObject\",\"@id\":\"https:\/\/cueilleurdememoire.fr\/#logo\",\"inLanguage\":\"fr-FR\",\"url\":\"https:\/\/cueilleurdememoire.fr\/wp-content\/uploads\/2018\/05\/LOGO300.jpg\",\"contentUrl\":\"https:\/\/cueilleurdememoire.fr\/wp-content\/uploads\/2018\/05\/LOGO300.jpg\",\"width\":300,\"height\":312,\"caption\":\"Cueilleur de m\u00e9moire - biographe familial en Dr\u00f4me et Rh\u00f4ne-Alpes\"},\"image\":{\"@id\":\"https:\/\/cueilleurdememoire.fr\/#logo\"}},{\"@type\":\"WebSite\",\"@id\":\"https:\/\/cueilleurdememoire.fr\/#website\",\"url\":\"https:\/\/cueilleurdememoire.fr\/\",\"name\":\"Cueilleur de m\u00e9moire - \u00e9crivain biographe en Dr\u00f4me et Rh\u00f4ne-Alpes\",\"description\":\"\",\"publisher\":{\"@id\":\"https:\/\/cueilleurdememoire.fr\/#organization\"},\"potentialAction\":[{\"@type\":\"SearchAction\",\"target\":{\"@type\":\"EntryPoint\",\"urlTemplate\":\"https:\/\/cueilleurdememoire.fr\/?s={search_term_string}\"},\"query-input\":\"required name=search_term_string\"}],\"inLanguage\":\"fr-FR\"},{\"@type\":\"WebPage\",\"@id\":\"https:\/\/cueilleurdememoire.fr\/?page_id=174#webpage\",\"url\":\"https:\/\/cueilleurdememoire.fr\/?page_id=174\",\"name\":\"Exposition sur l'\u00e9galit\u00e9 femmes-hommes &ndash; Cueilleur de m\u00e9moire - \u00e9crivain biographe en Dr\u00f4me et Rh\u00f4ne-Alpes\",\"isPartOf\":{\"@id\":\"https:\/\/cueilleurdememoire.fr\/#website\"},\"datePublished\":\"2018-06-01T15:38:41+00:00\",\"dateModified\":\"2019-05-14T20:45:31+00:00\",\"description\":\"Exposition r\u00e9alis\u00e9e en 2015 en partenariat avec la Maison des Solidarit\u00e9s Nelson Mandela de Valence\",\"breadcrumb\":{\"@id\":\"https:\/\/cueilleurdememoire.fr\/?page_id=174#breadcrumb\"},\"inLanguage\":\"fr-FR\",\"potentialAction\":[{\"@type\":\"ReadAction\",\"target\":[\"https:\/\/cueilleurdememoire.fr\/?page_id=174\"]}]},{\"@type\":\"BreadcrumbList\",\"@id\":\"https:\/\/cueilleurdememoire.fr\/?page_id=174#breadcrumb\",\"itemListElement\":[{\"@type\":\"ListItem\",\"position\":1,\"name\":\"Accueil\",\"item\":\"https:\/\/cueilleurdememoire.fr\/\"},{\"@type\":\"ListItem\",\"position\":2,\"name\":\"Exposition sur l&rsquo;\u00e9galit\u00e9 femmes-hommes\"}]}]}<\/script>\n<!-- \/ Yoast SEO plugin. -->","yoast_head_json":{"title":"Exposition sur l'\u00e9galit\u00e9 femmes-hommes &ndash; Cueilleur de m\u00e9moire - \u00e9crivain biographe en Dr\u00f4me et Rh\u00f4ne-Alpes","description":"Exposition r\u00e9alis\u00e9e en 2015 en partenariat avec la Maison des Solidarit\u00e9s Nelson Mandela de Valence","robots":{"index":"index","follow":"follow","max-snippet":"max-snippet:-1","max-image-preview":"max-image-preview:large","max-video-preview":"max-video-preview:-1"},"canonical":"https:\/\/cueilleurdememoire.fr\/?page_id=174","og_locale":"fr_FR","og_type":"article","og_title":"Exposition sur l'\u00e9galit\u00e9 femmes-hommes &ndash; Cueilleur de m\u00e9moire - \u00e9crivain biographe en Dr\u00f4me et Rh\u00f4ne-Alpes","og_description":"Exposition r\u00e9alis\u00e9e en 2015 en partenariat avec la Maison des Solidarit\u00e9s Nelson Mandela de Valence","og_url":"https:\/\/cueilleurdememoire.fr\/?page_id=174","og_site_name":"Cueilleur de m\u00e9moire - \u00e9crivain biographe en Dr\u00f4me et Rh\u00f4ne-Alpes","article_modified_time":"2019-05-14T20:45:31+00:00","twitter_card":"summary_large_image","schema":{"@context":"https:\/\/schema.org","@graph":[{"@type":"Organization","@id":"https:\/\/cueilleurdememoire.fr\/#organization","name":"Cueilleur de m\u00e9moire - biographe familial en Dr\u00f4me et Rh\u00f4ne-Alpes","url":"https:\/\/cueilleurdememoire.fr\/","sameAs":[],"logo":{"@type":"ImageObject","@id":"https:\/\/cueilleurdememoire.fr\/#logo","inLanguage":"fr-FR","url":"https:\/\/cueilleurdememoire.fr\/wp-content\/uploads\/2018\/05\/LOGO300.jpg","contentUrl":"https:\/\/cueilleurdememoire.fr\/wp-content\/uploads\/2018\/05\/LOGO300.jpg","width":300,"height":312,"caption":"Cueilleur de m\u00e9moire - biographe familial en Dr\u00f4me et Rh\u00f4ne-Alpes"},"image":{"@id":"https:\/\/cueilleurdememoire.fr\/#logo"}},{"@type":"WebSite","@id":"https:\/\/cueilleurdememoire.fr\/#website","url":"https:\/\/cueilleurdememoire.fr\/","name":"Cueilleur de m\u00e9moire - \u00e9crivain biographe en Dr\u00f4me et Rh\u00f4ne-Alpes","description":"","publisher":{"@id":"https:\/\/cueilleurdememoire.fr\/#organization"},"potentialAction":[{"@type":"SearchAction","target":{"@type":"EntryPoint","urlTemplate":"https:\/\/cueilleurdememoire.fr\/?s={search_term_string}"},"query-input":"required name=search_term_string"}],"inLanguage":"fr-FR"},{"@type":"WebPage","@id":"https:\/\/cueilleurdememoire.fr\/?page_id=174#webpage","url":"https:\/\/cueilleurdememoire.fr\/?page_id=174","name":"Exposition sur l'\u00e9galit\u00e9 femmes-hommes &ndash; Cueilleur de m\u00e9moire - \u00e9crivain biographe en Dr\u00f4me et Rh\u00f4ne-Alpes","isPartOf":{"@id":"https:\/\/cueilleurdememoire.fr\/#website"},"datePublished":"2018-06-01T15:38:41+00:00","dateModified":"2019-05-14T20:45:31+00:00","description":"Exposition r\u00e9alis\u00e9e en 2015 en partenariat avec la Maison des Solidarit\u00e9s Nelson Mandela de Valence","breadcrumb":{"@id":"https:\/\/cueilleurdememoire.fr\/?page_id=174#breadcrumb"},"inLanguage":"fr-FR","potentialAction":[{"@type":"ReadAction","target":["https:\/\/cueilleurdememoire.fr\/?page_id=174"]}]},{"@type":"BreadcrumbList","@id":"https:\/\/cueilleurdememoire.fr\/?page_id=174#breadcrumb","itemListElement":[{"@type":"ListItem","position":1,"name":"Accueil","item":"https:\/\/cueilleurdememoire.fr\/"},{"@type":"ListItem","position":2,"name":"Exposition sur l&rsquo;\u00e9galit\u00e9 femmes-hommes"}]}]}},"_links":{"self":[{"href":"https:\/\/cueilleurdememoire.fr\/index.php?rest_route=\/wp\/v2\/pages\/174"}],"collection":[{"href":"https:\/\/cueilleurdememoire.fr\/index.php?rest_route=\/wp\/v2\/pages"}],"about":[{"href":"https:\/\/cueilleurdememoire.fr\/index.php?rest_route=\/wp\/v2\/types\/page"}],"author":[{"embeddable":true,"href":"https:\/\/cueilleurdememoire.fr\/index.php?rest_route=\/wp\/v2\/users\/1"}],"replies":[{"embeddable":true,"href":"https:\/\/cueilleurdememoire.fr\/index.php?rest_route=%2Fwp%2Fv2%2Fcomments&post=174"}],"version-history":[{"count":4,"href":"https:\/\/cueilleurdememoire.fr\/index.php?rest_route=\/wp\/v2\/pages\/174\/revisions"}],"predecessor-version":[{"id":180,"href":"https:\/\/cueilleurdememoire.fr\/index.php?rest_route=\/wp\/v2\/pages\/174\/revisions\/180"}],"wp:attachment":[{"href":"https:\/\/cueilleurdememoire.fr\/index.php?rest_route=%2Fwp%2Fv2%2Fmedia&parent=174"}],"curies":[{"name":"wp","href":"https:\/\/api.w.org\/{rel}","templated":true}]}}