{"id":184,"date":"2018-06-04T14:04:17","date_gmt":"2018-06-04T12:04:17","guid":{"rendered":"http:\/\/cueilleurdememoire.fr\/?page_id=184"},"modified":"2018-06-04T14:14:37","modified_gmt":"2018-06-04T12:14:37","slug":"videos-de-presentation","status":"publish","type":"page","link":"https:\/\/cueilleurdememoire.fr\/?page_id=184","title":{"rendered":"Vid\u00e9os de pr\u00e9sentation"},"content":{"rendered":"<p><strong><em>Vid\u00e9o pour le financement participatif du g\u00eete dr\u00f4mois \u00ab\u00a0Les oiseaux de passage\u00a0\u00bb :<\/em><\/strong><\/p>\n<p><iframe loading=\"lazy\" width=\"500\" height=\"281\" src=\"https:\/\/www.youtube.com\/embed\/xrL6Q-A17tU?feature=oembed\" frameborder=\"0\" allow=\"autoplay; encrypted-media\" allowfullscreen><\/iframe><\/p>\n<p>&nbsp;<\/p>\n<p><em><strong>Vid\u00e9o de pr\u00e9sentation de la Maison des Solidarit\u00e9s Nelson Mandela \u00e0 Valence :<\/strong><\/em><\/p>\n<p><iframe loading=\"lazy\" width=\"500\" height=\"281\" src=\"https:\/\/www.youtube.com\/embed\/wCg3Reouj3Y?feature=oembed\" frameborder=\"0\" allow=\"autoplay; encrypted-media\" allowfullscreen><\/iframe><\/p>\n<p>&nbsp;<\/p>\n<p><em><strong>Vid\u00e9o pour la Maison du Jeu de Saint Donat sur l&rsquo;Herbasse :<\/strong><\/em><\/p>\n<p><iframe loading=\"lazy\" width=\"500\" height=\"281\" src=\"https:\/\/www.youtube.com\/embed\/n1agcRYjYik?feature=oembed\" frameborder=\"0\" allow=\"autoplay; encrypted-media\" allowfullscreen><\/iframe><\/p>\n<p>&nbsp;<\/p>\n<p>&nbsp;<\/p>\n","protected":false},"excerpt":{"rendered":"<p>Vid\u00e9o pour le financement participatif du g\u00eete dr\u00f4mois \u00ab\u00a0Les oiseaux de passage\u00a0\u00bb : &nbsp; Vid\u00e9o de pr\u00e9sentation de la Maison des Solidarit\u00e9s Nelson Mandela \u00e0 Valence : &nbsp; Vid\u00e9o pour la Maison du Jeu de Saint Donat sur l&rsquo;Herbasse : &nbsp; &nbsp;<\/p>\n","protected":false},"author":1,"featured_media":0,"parent":0,"menu_order":0,"comment_status":"closed","ping_status":"closed","template":"","meta":[],"yoast_head":"<!-- This site is optimized with the Yoast SEO plugin v18.5 - https:\/\/yoast.com\/wordpress\/plugins\/seo\/ -->\n<title>Vid\u00e9os de pr\u00e9sentation &ndash; Cueilleur de m\u00e9moire - \u00e9crivain biographe en Dr\u00f4me et Rh\u00f4ne-Alpes<\/title>\n<meta name=\"robots\" content=\"index, follow, max-snippet:-1, max-image-preview:large, max-video-preview:-1\" \/>\n<link rel=\"canonical\" href=\"https:\/\/cueilleurdememoire.fr\/?page_id=184\" \/>\n<meta property=\"og:locale\" content=\"fr_FR\" \/>\n<meta property=\"og:type\" content=\"article\" \/>\n<meta property=\"og:title\" content=\"Vid\u00e9os de pr\u00e9sentation &ndash; Cueilleur de m\u00e9moire - \u00e9crivain biographe en Dr\u00f4me et Rh\u00f4ne-Alpes\" \/>\n<meta property=\"og:description\" content=\"Vid\u00e9o pour le financement participatif du g\u00eete dr\u00f4mois \u00ab\u00a0Les oiseaux de passage\u00a0\u00bb : &nbsp; Vid\u00e9o de pr\u00e9sentation de la Maison des Solidarit\u00e9s Nelson Mandela \u00e0 Valence : &nbsp; Vid\u00e9o pour la Maison du Jeu de Saint Donat sur l&rsquo;Herbasse : &nbsp; &nbsp;\" \/>\n<meta property=\"og:url\" content=\"https:\/\/cueilleurdememoire.fr\/?page_id=184\" \/>\n<meta property=\"og:site_name\" content=\"Cueilleur de m\u00e9moire - \u00e9crivain biographe en Dr\u00f4me et Rh\u00f4ne-Alpes\" \/>\n<meta property=\"article:modified_time\" content=\"2018-06-04T12:14:37+00:00\" \/>\n<meta name=\"twitter:card\" content=\"summary_large_image\" \/>\n<script type=\"application\/ld+json\" class=\"yoast-schema-graph\">{\"@context\":\"https:\/\/schema.org\",\"@graph\":[{\"@type\":\"Organization\",\"@id\":\"https:\/\/cueilleurdememoire.fr\/#organization\",\"name\":\"Cueilleur de m\u00e9moire - biographe familial en Dr\u00f4me et Rh\u00f4ne-Alpes\",\"url\":\"https:\/\/cueilleurdememoire.fr\/\",\"sameAs\":[],\"logo\":{\"@type\":\"ImageObject\",\"@id\":\"https:\/\/cueilleurdememoire.fr\/#logo\",\"inLanguage\":\"fr-FR\",\"url\":\"https:\/\/cueilleurdememoire.fr\/wp-content\/uploads\/2018\/05\/LOGO300.jpg\",\"contentUrl\":\"https:\/\/cueilleurdememoire.fr\/wp-content\/uploads\/2018\/05\/LOGO300.jpg\",\"width\":300,\"height\":312,\"caption\":\"Cueilleur de m\u00e9moire - biographe familial en Dr\u00f4me et Rh\u00f4ne-Alpes\"},\"image\":{\"@id\":\"https:\/\/cueilleurdememoire.fr\/#logo\"}},{\"@type\":\"WebSite\",\"@id\":\"https:\/\/cueilleurdememoire.fr\/#website\",\"url\":\"https:\/\/cueilleurdememoire.fr\/\",\"name\":\"Cueilleur de m\u00e9moire - \u00e9crivain biographe en Dr\u00f4me et Rh\u00f4ne-Alpes\",\"description\":\"\",\"publisher\":{\"@id\":\"https:\/\/cueilleurdememoire.fr\/#organization\"},\"potentialAction\":[{\"@type\":\"SearchAction\",\"target\":{\"@type\":\"EntryPoint\",\"urlTemplate\":\"https:\/\/cueilleurdememoire.fr\/?s={search_term_string}\"},\"query-input\":\"required name=search_term_string\"}],\"inLanguage\":\"fr-FR\"},{\"@type\":\"WebPage\",\"@id\":\"https:\/\/cueilleurdememoire.fr\/?page_id=184#webpage\",\"url\":\"https:\/\/cueilleurdememoire.fr\/?page_id=184\",\"name\":\"Vid\u00e9os de pr\u00e9sentation &ndash; Cueilleur de m\u00e9moire - \u00e9crivain biographe en Dr\u00f4me et Rh\u00f4ne-Alpes\",\"isPartOf\":{\"@id\":\"https:\/\/cueilleurdememoire.fr\/#website\"},\"datePublished\":\"2018-06-04T12:04:17+00:00\",\"dateModified\":\"2018-06-04T12:14:37+00:00\",\"breadcrumb\":{\"@id\":\"https:\/\/cueilleurdememoire.fr\/?page_id=184#breadcrumb\"},\"inLanguage\":\"fr-FR\",\"potentialAction\":[{\"@type\":\"ReadAction\",\"target\":[\"https:\/\/cueilleurdememoire.fr\/?page_id=184\"]}]},{\"@type\":\"BreadcrumbList\",\"@id\":\"https:\/\/cueilleurdememoire.fr\/?page_id=184#breadcrumb\",\"itemListElement\":[{\"@type\":\"ListItem\",\"position\":1,\"name\":\"Accueil\",\"item\":\"https:\/\/cueilleurdememoire.fr\/\"},{\"@type\":\"ListItem\",\"position\":2,\"name\":\"Vid\u00e9os de pr\u00e9sentation\"}]}]}<\/script>\n<!-- \/ Yoast SEO plugin. -->","yoast_head_json":{"title":"Vid\u00e9os de pr\u00e9sentation &ndash; Cueilleur de m\u00e9moire - \u00e9crivain biographe en Dr\u00f4me et Rh\u00f4ne-Alpes","robots":{"index":"index","follow":"follow","max-snippet":"max-snippet:-1","max-image-preview":"max-image-preview:large","max-video-preview":"max-video-preview:-1"},"canonical":"https:\/\/cueilleurdememoire.fr\/?page_id=184","og_locale":"fr_FR","og_type":"article","og_title":"Vid\u00e9os de pr\u00e9sentation &ndash; Cueilleur de m\u00e9moire - \u00e9crivain biographe en Dr\u00f4me et Rh\u00f4ne-Alpes","og_description":"Vid\u00e9o pour le financement participatif du g\u00eete dr\u00f4mois \u00ab\u00a0Les oiseaux de passage\u00a0\u00bb : &nbsp; Vid\u00e9o de pr\u00e9sentation de la Maison des Solidarit\u00e9s Nelson Mandela \u00e0 Valence : &nbsp; Vid\u00e9o pour la Maison du Jeu de Saint Donat sur l&rsquo;Herbasse : &nbsp; &nbsp;","og_url":"https:\/\/cueilleurdememoire.fr\/?page_id=184","og_site_name":"Cueilleur de m\u00e9moire - \u00e9crivain biographe en Dr\u00f4me et Rh\u00f4ne-Alpes","article_modified_time":"2018-06-04T12:14:37+00:00","twitter_card":"summary_large_image","schema":{"@context":"https:\/\/schema.org","@graph":[{"@type":"Organization","@id":"https:\/\/cueilleurdememoire.fr\/#organization","name":"Cueilleur de m\u00e9moire - biographe familial en Dr\u00f4me et Rh\u00f4ne-Alpes","url":"https:\/\/cueilleurdememoire.fr\/","sameAs":[],"logo":{"@type":"ImageObject","@id":"https:\/\/cueilleurdememoire.fr\/#logo","inLanguage":"fr-FR","url":"https:\/\/cueilleurdememoire.fr\/wp-content\/uploads\/2018\/05\/LOGO300.jpg","contentUrl":"https:\/\/cueilleurdememoire.fr\/wp-content\/uploads\/2018\/05\/LOGO300.jpg","width":300,"height":312,"caption":"Cueilleur de m\u00e9moire - biographe familial en Dr\u00f4me et Rh\u00f4ne-Alpes"},"image":{"@id":"https:\/\/cueilleurdememoire.fr\/#logo"}},{"@type":"WebSite","@id":"https:\/\/cueilleurdememoire.fr\/#website","url":"https:\/\/cueilleurdememoire.fr\/","name":"Cueilleur de m\u00e9moire - \u00e9crivain biographe en Dr\u00f4me et Rh\u00f4ne-Alpes","description":"","publisher":{"@id":"https:\/\/cueilleurdememoire.fr\/#organization"},"potentialAction":[{"@type":"SearchAction","target":{"@type":"EntryPoint","urlTemplate":"https:\/\/cueilleurdememoire.fr\/?s={search_term_string}"},"query-input":"required name=search_term_string"}],"inLanguage":"fr-FR"},{"@type":"WebPage","@id":"https:\/\/cueilleurdememoire.fr\/?page_id=184#webpage","url":"https:\/\/cueilleurdememoire.fr\/?page_id=184","name":"Vid\u00e9os de pr\u00e9sentation &ndash; Cueilleur de m\u00e9moire - \u00e9crivain biographe en Dr\u00f4me et Rh\u00f4ne-Alpes","isPartOf":{"@id":"https:\/\/cueilleurdememoire.fr\/#website"},"datePublished":"2018-06-04T12:04:17+00:00","dateModified":"2018-06-04T12:14:37+00:00","breadcrumb":{"@id":"https:\/\/cueilleurdememoire.fr\/?page_id=184#breadcrumb"},"inLanguage":"fr-FR","potentialAction":[{"@type":"ReadAction","target":["https:\/\/cueilleurdememoire.fr\/?page_id=184"]}]},{"@type":"BreadcrumbList","@id":"https:\/\/cueilleurdememoire.fr\/?page_id=184#breadcrumb","itemListElement":[{"@type":"ListItem","position":1,"name":"Accueil","item":"https:\/\/cueilleurdememoire.fr\/"},{"@type":"ListItem","position":2,"name":"Vid\u00e9os de pr\u00e9sentation"}]}]}},"_links":{"self":[{"href":"https:\/\/cueilleurdememoire.fr\/index.php?rest_route=\/wp\/v2\/pages\/184"}],"collection":[{"href":"https:\/\/cueilleurdememoire.fr\/index.php?rest_route=\/wp\/v2\/pages"}],"about":[{"href":"https:\/\/cueilleurdememoire.fr\/index.php?rest_route=\/wp\/v2\/types\/page"}],"author":[{"embeddable":true,"href":"https:\/\/cueilleurdememoire.fr\/index.php?rest_route=\/wp\/v2\/users\/1"}],"replies":[{"embeddable":true,"href":"https:\/\/cueilleurdememoire.fr\/index.php?rest_route=%2Fwp%2Fv2%2Fcomments&post=184"}],"version-history":[{"count":3,"href":"https:\/\/cueilleurdememoire.fr\/index.php?rest_route=\/wp\/v2\/pages\/184\/revisions"}],"predecessor-version":[{"id":192,"href":"https:\/\/cueilleurdememoire.fr\/index.php?rest_route=\/wp\/v2\/pages\/184\/revisions\/192"}],"wp:attachment":[{"href":"https:\/\/cueilleurdememoire.fr\/index.php?rest_route=%2Fwp%2Fv2%2Fmedia&parent=184"}],"curies":[{"name":"wp","href":"https:\/\/api.w.org\/{rel}","templated":true}]}}