{"id":30,"date":"2018-05-31T17:54:15","date_gmt":"2018-05-31T15:54:15","guid":{"rendered":"http:\/\/cueilleurdememoire.fr\/?page_id=30"},"modified":"2019-05-14T23:10:18","modified_gmt":"2019-05-14T21:10:18","slug":"qui-suis-je-2","status":"publish","type":"page","link":"https:\/\/cueilleurdememoire.fr\/?page_id=30","title":{"rendered":"Qui suis-je ?"},"content":{"rendered":"<div class=\"entry-content\">\n<p><span style=\"color: #0f0f0f;\">Je suis n\u00e9 en 1973, \u00a0en Normandie. Une quinzaine d\u2019ann\u00e9es durant, j\u2019ai travaill\u00e9 pour un \u00a0mus\u00e9um d\u2019histoire naturelle. Mon m\u00e9tier consistait \u00e0 pr\u00e9server, \u00a0documenter et pr\u00e9senter aux visiteurs une multitude d\u2019objets, t\u00e9moins de \u00a0la diversit\u00e9 des productions de la nature.<\/span><\/p>\n<p><span style=\"color: #0f0f0f;\">Aujourd\u2019hui, mes aspirations me tournent vers d\u2019autres horizons, en particulier au sens du \u00ab\u00a0<strong>vivre ensemble<\/strong> \u00bb.<\/span><\/p>\n<p><span style=\"color: #0f0f0f;\">Les mutations en cours dans nos soci\u00e9t\u00e9s participent \u00e0 l\u2019\u00e9clatement \u00a0g\u00e9ographique des familles, \u00e0 l\u2019\u00e9loignement de nos racines, \u00e0 \u00a0l\u2019individualisme. Nos vies, de plus en plus tourn\u00e9es vers l\u2019apr\u00e8s, \u00a0semblent se d\u00e9tourner du pass\u00e9 et du pr\u00e9sent. <\/span><\/p>\n<p><span style=\"color: #0f0f0f;\">Comment orienter notre vie sans conna\u00eetre nos origines, sans savoir qui \u00a0nous sommes ?<\/span><\/p>\n<p><span style=\"color: #0f0f0f;\">Je souhaite aujourd\u2019hui r\u00e9pondre en partie \u00e0 cette question en aidant \u00e0 reconstituer et \u00e0 transmettre les r\u00e9cits de tout ou partie de notre v\u00e9cu.<\/span><\/p>\n<p><span style=\"color: #0f0f0f;\"><strong>Ces pr\u00e9cieux t\u00e9moignages, patrimoines inestimables, peuvent aider les g\u00e9n\u00e9rations \u00a0pr\u00e9sentes et \u00e0 venir \u00e0 mieux comprendre d\u2019o\u00f9 elles viennent et \u00e0 se \u00a0constituer ainsi de pr\u00e9cieux rep\u00e8res pour une meilleure projection vers un avenir choisi<\/strong>.<\/span><\/p>\n<p><span style=\"color: #0f0f0f;\">Ayant la chance de ma\u00eetriser aussi bien l\u2019\u00e9criture que la photographie et la vid\u00e9o, je suis en mesure de r\u00e9aliser les r\u00e9cits ou t\u00e9moignages sur diff\u00e9rents supports tels que livres, entretiens audio\/vid\u00e9o ou encore sous forme \u00a0d\u2019expositions.<\/span><\/p>\n<p><span style=\"color: #0f0f0f;\">Mes principales qualit\u00e9s sont, je crois, l\u2019\u00e9coute, la patience, le respect, la tol\u00e9rance et le go\u00fbt de la diff\u00e9rence.<\/span><\/p>\n<\/div>\n","protected":false},"excerpt":{"rendered":"<p>Je suis n\u00e9 en 1973, \u00a0en Normandie. Une quinzaine d\u2019ann\u00e9es durant, j\u2019ai travaill\u00e9 pour un \u00a0mus\u00e9um d\u2019histoire naturelle. Mon m\u00e9tier consistait \u00e0 pr\u00e9server, \u00a0documenter et pr\u00e9senter aux visiteurs une multitude d\u2019objets, t\u00e9moins de \u00a0la diversit\u00e9 des productions de la nature. Aujourd\u2019hui, mes aspirations me tournent vers d\u2019autres horizons, en particulier au sens du \u00ab\u00a0vivre ensemble [&hellip;]<\/p>\n","protected":false},"author":1,"featured_media":0,"parent":0,"menu_order":0,"comment_status":"closed","ping_status":"closed","template":"","meta":[],"yoast_head":"<!-- This site is optimized with the Yoast SEO plugin v18.5 - https:\/\/yoast.com\/wordpress\/plugins\/seo\/ -->\n<title>Qui suis-je ? &ndash; Cueilleur de m\u00e9moire - \u00e9crivain biographe en Dr\u00f4me et Rh\u00f4ne-Alpes<\/title>\n<meta name=\"robots\" content=\"index, follow, max-snippet:-1, max-image-preview:large, max-video-preview:-1\" \/>\n<link rel=\"canonical\" href=\"https:\/\/cueilleurdememoire.fr\/?page_id=30\" \/>\n<meta property=\"og:locale\" content=\"fr_FR\" \/>\n<meta property=\"og:type\" content=\"article\" \/>\n<meta property=\"og:title\" content=\"Qui suis-je ? &ndash; Cueilleur de m\u00e9moire - \u00e9crivain biographe en Dr\u00f4me et Rh\u00f4ne-Alpes\" \/>\n<meta property=\"og:description\" content=\"Je suis n\u00e9 en 1973, \u00a0en Normandie. Une quinzaine d\u2019ann\u00e9es durant, j\u2019ai travaill\u00e9 pour un \u00a0mus\u00e9um d\u2019histoire naturelle. Mon m\u00e9tier consistait \u00e0 pr\u00e9server, \u00a0documenter et pr\u00e9senter aux visiteurs une multitude d\u2019objets, t\u00e9moins de \u00a0la diversit\u00e9 des productions de la nature. Aujourd\u2019hui, mes aspirations me tournent vers d\u2019autres horizons, en particulier au sens du \u00ab\u00a0vivre ensemble [&hellip;]\" \/>\n<meta property=\"og:url\" content=\"https:\/\/cueilleurdememoire.fr\/?page_id=30\" \/>\n<meta property=\"og:site_name\" content=\"Cueilleur de m\u00e9moire - \u00e9crivain biographe en Dr\u00f4me et Rh\u00f4ne-Alpes\" \/>\n<meta property=\"article:modified_time\" content=\"2019-05-14T21:10:18+00:00\" \/>\n<meta name=\"twitter:card\" content=\"summary_large_image\" \/>\n<meta name=\"twitter:label1\" content=\"Dur\u00e9e de lecture estim\u00e9e\" \/>\n\t<meta name=\"twitter:data1\" content=\"1 minute\" \/>\n<script type=\"application\/ld+json\" class=\"yoast-schema-graph\">{\"@context\":\"https:\/\/schema.org\",\"@graph\":[{\"@type\":\"Organization\",\"@id\":\"https:\/\/cueilleurdememoire.fr\/#organization\",\"name\":\"Cueilleur de m\u00e9moire - biographe familial en Dr\u00f4me et Rh\u00f4ne-Alpes\",\"url\":\"https:\/\/cueilleurdememoire.fr\/\",\"sameAs\":[],\"logo\":{\"@type\":\"ImageObject\",\"@id\":\"https:\/\/cueilleurdememoire.fr\/#logo\",\"inLanguage\":\"fr-FR\",\"url\":\"https:\/\/cueilleurdememoire.fr\/wp-content\/uploads\/2018\/05\/LOGO300.jpg\",\"contentUrl\":\"https:\/\/cueilleurdememoire.fr\/wp-content\/uploads\/2018\/05\/LOGO300.jpg\",\"width\":300,\"height\":312,\"caption\":\"Cueilleur de m\u00e9moire - biographe familial en Dr\u00f4me et Rh\u00f4ne-Alpes\"},\"image\":{\"@id\":\"https:\/\/cueilleurdememoire.fr\/#logo\"}},{\"@type\":\"WebSite\",\"@id\":\"https:\/\/cueilleurdememoire.fr\/#website\",\"url\":\"https:\/\/cueilleurdememoire.fr\/\",\"name\":\"Cueilleur de m\u00e9moire - \u00e9crivain biographe en Dr\u00f4me et Rh\u00f4ne-Alpes\",\"description\":\"\",\"publisher\":{\"@id\":\"https:\/\/cueilleurdememoire.fr\/#organization\"},\"potentialAction\":[{\"@type\":\"SearchAction\",\"target\":{\"@type\":\"EntryPoint\",\"urlTemplate\":\"https:\/\/cueilleurdememoire.fr\/?s={search_term_string}\"},\"query-input\":\"required name=search_term_string\"}],\"inLanguage\":\"fr-FR\"},{\"@type\":\"WebPage\",\"@id\":\"https:\/\/cueilleurdememoire.fr\/?page_id=30#webpage\",\"url\":\"https:\/\/cueilleurdememoire.fr\/?page_id=30\",\"name\":\"Qui suis-je ? &ndash; Cueilleur de m\u00e9moire - \u00e9crivain biographe en Dr\u00f4me et Rh\u00f4ne-Alpes\",\"isPartOf\":{\"@id\":\"https:\/\/cueilleurdememoire.fr\/#website\"},\"datePublished\":\"2018-05-31T15:54:15+00:00\",\"dateModified\":\"2019-05-14T21:10:18+00:00\",\"breadcrumb\":{\"@id\":\"https:\/\/cueilleurdememoire.fr\/?page_id=30#breadcrumb\"},\"inLanguage\":\"fr-FR\",\"potentialAction\":[{\"@type\":\"ReadAction\",\"target\":[\"https:\/\/cueilleurdememoire.fr\/?page_id=30\"]}]},{\"@type\":\"BreadcrumbList\",\"@id\":\"https:\/\/cueilleurdememoire.fr\/?page_id=30#breadcrumb\",\"itemListElement\":[{\"@type\":\"ListItem\",\"position\":1,\"name\":\"Accueil\",\"item\":\"https:\/\/cueilleurdememoire.fr\/\"},{\"@type\":\"ListItem\",\"position\":2,\"name\":\"Qui suis-je ?\"}]}]}<\/script>\n<!-- \/ Yoast SEO plugin. -->","yoast_head_json":{"title":"Qui suis-je ? &ndash; Cueilleur de m\u00e9moire - \u00e9crivain biographe en Dr\u00f4me et Rh\u00f4ne-Alpes","robots":{"index":"index","follow":"follow","max-snippet":"max-snippet:-1","max-image-preview":"max-image-preview:large","max-video-preview":"max-video-preview:-1"},"canonical":"https:\/\/cueilleurdememoire.fr\/?page_id=30","og_locale":"fr_FR","og_type":"article","og_title":"Qui suis-je ? &ndash; Cueilleur de m\u00e9moire - \u00e9crivain biographe en Dr\u00f4me et Rh\u00f4ne-Alpes","og_description":"Je suis n\u00e9 en 1973, \u00a0en Normandie. Une quinzaine d\u2019ann\u00e9es durant, j\u2019ai travaill\u00e9 pour un \u00a0mus\u00e9um d\u2019histoire naturelle. Mon m\u00e9tier consistait \u00e0 pr\u00e9server, \u00a0documenter et pr\u00e9senter aux visiteurs une multitude d\u2019objets, t\u00e9moins de \u00a0la diversit\u00e9 des productions de la nature. Aujourd\u2019hui, mes aspirations me tournent vers d\u2019autres horizons, en particulier au sens du \u00ab\u00a0vivre ensemble [&hellip;]","og_url":"https:\/\/cueilleurdememoire.fr\/?page_id=30","og_site_name":"Cueilleur de m\u00e9moire - \u00e9crivain biographe en Dr\u00f4me et Rh\u00f4ne-Alpes","article_modified_time":"2019-05-14T21:10:18+00:00","twitter_card":"summary_large_image","twitter_misc":{"Dur\u00e9e de lecture estim\u00e9e":"1 minute"},"schema":{"@context":"https:\/\/schema.org","@graph":[{"@type":"Organization","@id":"https:\/\/cueilleurdememoire.fr\/#organization","name":"Cueilleur de m\u00e9moire - biographe familial en Dr\u00f4me et Rh\u00f4ne-Alpes","url":"https:\/\/cueilleurdememoire.fr\/","sameAs":[],"logo":{"@type":"ImageObject","@id":"https:\/\/cueilleurdememoire.fr\/#logo","inLanguage":"fr-FR","url":"https:\/\/cueilleurdememoire.fr\/wp-content\/uploads\/2018\/05\/LOGO300.jpg","contentUrl":"https:\/\/cueilleurdememoire.fr\/wp-content\/uploads\/2018\/05\/LOGO300.jpg","width":300,"height":312,"caption":"Cueilleur de m\u00e9moire - biographe familial en Dr\u00f4me et Rh\u00f4ne-Alpes"},"image":{"@id":"https:\/\/cueilleurdememoire.fr\/#logo"}},{"@type":"WebSite","@id":"https:\/\/cueilleurdememoire.fr\/#website","url":"https:\/\/cueilleurdememoire.fr\/","name":"Cueilleur de m\u00e9moire - \u00e9crivain biographe en Dr\u00f4me et Rh\u00f4ne-Alpes","description":"","publisher":{"@id":"https:\/\/cueilleurdememoire.fr\/#organization"},"potentialAction":[{"@type":"SearchAction","target":{"@type":"EntryPoint","urlTemplate":"https:\/\/cueilleurdememoire.fr\/?s={search_term_string}"},"query-input":"required name=search_term_string"}],"inLanguage":"fr-FR"},{"@type":"WebPage","@id":"https:\/\/cueilleurdememoire.fr\/?page_id=30#webpage","url":"https:\/\/cueilleurdememoire.fr\/?page_id=30","name":"Qui suis-je ? &ndash; Cueilleur de m\u00e9moire - \u00e9crivain biographe en Dr\u00f4me et Rh\u00f4ne-Alpes","isPartOf":{"@id":"https:\/\/cueilleurdememoire.fr\/#website"},"datePublished":"2018-05-31T15:54:15+00:00","dateModified":"2019-05-14T21:10:18+00:00","breadcrumb":{"@id":"https:\/\/cueilleurdememoire.fr\/?page_id=30#breadcrumb"},"inLanguage":"fr-FR","potentialAction":[{"@type":"ReadAction","target":["https:\/\/cueilleurdememoire.fr\/?page_id=30"]}]},{"@type":"BreadcrumbList","@id":"https:\/\/cueilleurdememoire.fr\/?page_id=30#breadcrumb","itemListElement":[{"@type":"ListItem","position":1,"name":"Accueil","item":"https:\/\/cueilleurdememoire.fr\/"},{"@type":"ListItem","position":2,"name":"Qui suis-je ?"}]}]}},"_links":{"self":[{"href":"https:\/\/cueilleurdememoire.fr\/index.php?rest_route=\/wp\/v2\/pages\/30"}],"collection":[{"href":"https:\/\/cueilleurdememoire.fr\/index.php?rest_route=\/wp\/v2\/pages"}],"about":[{"href":"https:\/\/cueilleurdememoire.fr\/index.php?rest_route=\/wp\/v2\/types\/page"}],"author":[{"embeddable":true,"href":"https:\/\/cueilleurdememoire.fr\/index.php?rest_route=\/wp\/v2\/users\/1"}],"replies":[{"embeddable":true,"href":"https:\/\/cueilleurdememoire.fr\/index.php?rest_route=%2Fwp%2Fv2%2Fcomments&post=30"}],"version-history":[{"count":13,"href":"https:\/\/cueilleurdememoire.fr\/index.php?rest_route=\/wp\/v2\/pages\/30\/revisions"}],"predecessor-version":[{"id":335,"href":"https:\/\/cueilleurdememoire.fr\/index.php?rest_route=\/wp\/v2\/pages\/30\/revisions\/335"}],"wp:attachment":[{"href":"https:\/\/cueilleurdememoire.fr\/index.php?rest_route=%2Fwp%2Fv2%2Fmedia&parent=30"}],"curies":[{"name":"wp","href":"https:\/\/api.w.org\/{rel}","templated":true}]}}