{"id":68,"date":"2018-06-01T13:07:38","date_gmt":"2018-06-01T11:07:38","guid":{"rendered":"http:\/\/cueilleurdememoire.fr\/?page_id=68"},"modified":"2022-07-28T09:05:35","modified_gmt":"2022-07-28T07:05:35","slug":"le-travail-autobiographique","status":"publish","type":"page","link":"https:\/\/cueilleurdememoire.fr\/?page_id=68","title":{"rendered":"Le livre de votre vie"},"content":{"rendered":"<h3><\/h3>\n<h3><span style=\"color: #0f0f0f;\"><em><strong>\u00c9crire ses m\u00e9moires, une belle aventure\u00a0!<\/strong><\/em><\/span><\/h3>\n<p><span style=\"color: #0f0f0f;\">Parce que le pr\u00e9sent est forg\u00e9 par les \u00e9v\u00e9nements du pass\u00e9, transmettre \u00e0 nos proches l&rsquo;histoire de notre vie ou d&rsquo;une partie cl\u00e9 de notre v\u00e9cu peut nous sembler important.<\/span><\/p>\n<p><span style=\"color: #0f0f0f;\">Je vous propose aujourd&rsquo;hui de vous accompagner dans l&rsquo;\u00e9criture de votre autobiographie, compl\u00e8te ou partielle.<\/span><\/p>\n<p><span style=\"color: #0f0f0f;\">Si vous vous sentez pr\u00eats \u00e0 vous lancer dans cette belle aventure mais que vous ne savez pas par o\u00f9 commencer, n&rsquo;ayez aucune inqui\u00e9tude, c&rsquo;est tout \u00e0 fait normal\u00a0!<\/span><\/p>\n<p><span style=\"color: #0f0f0f;\">Si vous avez commenc\u00e9 ce travail par vous-m\u00eame et souhaitez le poursuivre avec l&rsquo;aide d&rsquo;un \u00e9crivain biographe, nous pourrons en discuter ensemble afin d&rsquo;adapter mes services \u00e0 ce que vous avez d\u00e9j\u00e0 r\u00e9alis\u00e9.<\/span><\/p>\n<h3><\/h3>\n<h3><span style=\"color: #0f0f0f;\"><em><strong>D\u00e9marrer le projet ensemble<\/strong><\/em><\/span><\/h3>\n<p><span style=\"color: #0f0f0f;\">Je vous propose de <strong><span style=\"color: #ff6600;\"><a style=\"color: #ff6600;\" href=\"http:\/\/cueilleurdememoire.fr\/?page_id=77\">me contacter<\/a> <\/span><\/strong>afin que nous puissions nous rencontrer et discuter de votre projet, chez vous ou dans un autre lieu, \u00e0 votre convenance.<\/span><\/p>\n<p><span style=\"color: #0f0f0f;\">Ce premier rendez-vous est gratuit et ne vous engage en rien. Il a pour but de vous \u00e9clairer sur la fa\u00e7on dont mes services pourront r\u00e9pondre \u00e0 vos attentes ainsi que sur leurs co\u00fbts. De m\u00eame, il est important que nous fassions connaissance pour qu&rsquo;une confiance mutuelle s&rsquo;installe avant de d\u00e9marrer.<br \/>\n<\/span><\/p>\n<p><span style=\"color: #0f0f0f;\">Si nos lieux de r\u00e9sidences sont \u00e9loign\u00e9s, je peux soit me d\u00e9placer moyennant des frais r\u00e9els suppl\u00e9mentaires ou bien nous pouvons convenir d&rsquo;un entretien t\u00e9l\u00e9phonique.<\/span><\/p>\n<p><span style=\"color: #0f0f0f;\">A l&rsquo;issue de notre rencontre, si vous souhaitez poursuivre votre projet ensemble, nous conviendrons d&rsquo;un premier rendez-vous de travail.<\/span><\/p>\n<h3><\/h3>\n<h3><span style=\"color: #0f0f0f;\"><em><strong>Et le prix ?<\/strong><\/em><\/span><\/h3>\n<p><span style=\"color: #0f0f0f;\">Puisqu&rsquo;il est difficile de pr\u00e9voir avec pr\u00e9cision le nombre d&rsquo;entretiens n\u00e9cessaires \u00e0 la collecte de vos souvenirs, les co\u00fbts seront factur\u00e9s \u00e0 la s\u00e9ance et sans engagement pour la suite.<\/span><\/p>\n<p><span style=\"color: #0f0f0f;\">Cela a aussi l&rsquo;int\u00e9r\u00eat d&rsquo;\u00e9chelonner les co\u00fbts et vous donne aussi la libert\u00e9, par envie ou n\u00e9cessit\u00e9, d&rsquo;interrompre ce travail \u00e0 tout moment. Vos m\u00e9moires \u00e9crits vous auront \u00e9t\u00e9 remis au fur et \u00e0 mesure et vous appartiendront.<\/span><\/p>\n<p><span style=\"color: #0f0f0f;\">Chaque heure d&rsquo;entretien repr\u00e9sente en r\u00e9alit\u00e9 environ 5 heures de travail comprenant l&rsquo;entrevue, la transcription des enregistrements, la r\u00e9daction, la relecture, les v\u00e9rifications chronologiques et les recherches diverses. Ce forfait inclut aussi le travail de mise en page et l&rsquo;\u00e9laboration de la maquette du livre.<br \/>\n<\/span><\/p>\n<p><span style=\"color: #0f0f0f;\">Mon tarif horaire s&rsquo;\u00e9levant \u00e0 35\u20ac, le prix d&rsquo;une s\u00e9ance incluant le travail d&rsquo;\u00e9criture revient donc \u00e0 175\u20ac (TTC).<\/span><\/p>\n<h3><\/h3>\n<h3><span style=\"color: #0f0f0f;\"><em><strong>Comment \u00e7a se passe ensuite\u00a0?<\/strong><\/em><\/span><\/h3>\n<p><span style=\"color: #0f0f0f;\">A chaque s\u00e9ance je vous remets la r\u00e9daction de ce qui s&rsquo;est dit la derni\u00e8re fois. Il est bien entendu possible d&rsquo;ajouter ou rectifier certains \u00e9l\u00e9ments, \u00e0 tout moment durant notre collaboration.<\/span><\/p>\n<p><span style=\"color: #0f0f0f;\">Chaque entretien est enregistr\u00e9 \u00e0 l&rsquo;aide d&rsquo;un petit dictaphone. Simple outil de travail, il me permet d&rsquo;\u00eatre pleinement pr\u00e9sent avec vous et de ne rien omettre lors de la transcription.<\/span><\/p>\n<p><span style=\"color: #0f0f0f;\">Mon r\u00f4le est de vous servir de guide afin de faire monter les souvenirs en vous, le plus souvent de mani\u00e8re chronologique. La pr\u00e9sence de certains documents ou photographies pourront aussi vous aider \u00e0 faire resurgir des souvenirs que vous pensiez bien enfouis\u00a0!<\/span><\/p>\n<p><span style=\"color: #000000;\">Il faut compter au moins une dizaine de s\u00e9ances pour une biographie compl\u00e8te. Ce n&rsquo;est bien s\u00fbr qu&rsquo;une moyenne et cela est tr\u00e8s variable selon les projets.<\/span><\/p>\n<h3><\/h3>\n<h3><span style=\"color: #0f0f0f;\"><em><strong>Des souveni<\/strong><\/em><\/span><span style=\"color: #0f0f0f;\"><em><strong>rs au livre&#8230;<\/strong><\/em><\/span><\/h3>\n<p><span style=\"color: #0f0f0f;\">Si vous souhaitez voir votre r\u00e9cit imprim\u00e9 sous forme de livre, les co\u00fbts d&rsquo;impression de l&rsquo;imprimeur seront \u00e0 votre charge. Si vous le souhaitez, je traiterai des questions techniques avec celui-ci. Si le devis d&rsquo;impression vous convient, en fonction des options que vous aurez choisies (format, reliure, impression couleur ou noir et blanc, nombre de pages, nombre d&rsquo;exemplaires&#8230;), vous aurez sous peu, entre vos mains, le livre de votre vie !<\/span><\/p>\n","protected":false},"excerpt":{"rendered":"<p>\u00c9crire ses m\u00e9moires, une belle aventure\u00a0! Parce que le pr\u00e9sent est forg\u00e9 par les \u00e9v\u00e9nements du pass\u00e9, transmettre \u00e0 nos proches l&rsquo;histoire de notre vie ou d&rsquo;une partie cl\u00e9 de notre v\u00e9cu peut nous sembler important. Je vous propose aujourd&rsquo;hui de vous accompagner dans l&rsquo;\u00e9criture de votre autobiographie, compl\u00e8te ou partielle. Si vous vous sentez [&hellip;]<\/p>\n","protected":false},"author":1,"featured_media":0,"parent":0,"menu_order":0,"comment_status":"closed","ping_status":"closed","template":"","meta":[],"yoast_head":"<!-- This site is optimized with the Yoast SEO plugin v18.5 - https:\/\/yoast.com\/wordpress\/plugins\/seo\/ -->\n<title>Le livre de votre vie &ndash; Cueilleur de m\u00e9moire - \u00e9crivain biographe en Dr\u00f4me et Rh\u00f4ne-Alpes<\/title>\n<meta name=\"robots\" content=\"index, follow, max-snippet:-1, max-image-preview:large, max-video-preview:-1\" \/>\n<link rel=\"canonical\" href=\"https:\/\/cueilleurdememoire.fr\/?page_id=68\" \/>\n<meta property=\"og:locale\" content=\"fr_FR\" \/>\n<meta property=\"og:type\" content=\"article\" \/>\n<meta property=\"og:title\" content=\"Le livre de votre vie &ndash; Cueilleur de m\u00e9moire - \u00e9crivain biographe en Dr\u00f4me et Rh\u00f4ne-Alpes\" \/>\n<meta property=\"og:description\" content=\"\u00c9crire ses m\u00e9moires, une belle aventure\u00a0! Parce que le pr\u00e9sent est forg\u00e9 par les \u00e9v\u00e9nements du pass\u00e9, transmettre \u00e0 nos proches l&rsquo;histoire de notre vie ou d&rsquo;une partie cl\u00e9 de notre v\u00e9cu peut nous sembler important. Je vous propose aujourd&rsquo;hui de vous accompagner dans l&rsquo;\u00e9criture de votre autobiographie, compl\u00e8te ou partielle. Si vous vous sentez [&hellip;]\" \/>\n<meta property=\"og:url\" content=\"https:\/\/cueilleurdememoire.fr\/?page_id=68\" \/>\n<meta property=\"og:site_name\" content=\"Cueilleur de m\u00e9moire - \u00e9crivain biographe en Dr\u00f4me et Rh\u00f4ne-Alpes\" \/>\n<meta property=\"article:modified_time\" content=\"2022-07-28T07:05:35+00:00\" \/>\n<meta name=\"twitter:card\" content=\"summary_large_image\" \/>\n<meta name=\"twitter:label1\" content=\"Dur\u00e9e de lecture estim\u00e9e\" \/>\n\t<meta name=\"twitter:data1\" content=\"4 minutes\" \/>\n<script type=\"application\/ld+json\" class=\"yoast-schema-graph\">{\"@context\":\"https:\/\/schema.org\",\"@graph\":[{\"@type\":\"Organization\",\"@id\":\"https:\/\/cueilleurdememoire.fr\/#organization\",\"name\":\"Cueilleur de m\u00e9moire - biographe familial en Dr\u00f4me et Rh\u00f4ne-Alpes\",\"url\":\"https:\/\/cueilleurdememoire.fr\/\",\"sameAs\":[],\"logo\":{\"@type\":\"ImageObject\",\"@id\":\"https:\/\/cueilleurdememoire.fr\/#logo\",\"inLanguage\":\"fr-FR\",\"url\":\"https:\/\/cueilleurdememoire.fr\/wp-content\/uploads\/2018\/05\/LOGO300.jpg\",\"contentUrl\":\"https:\/\/cueilleurdememoire.fr\/wp-content\/uploads\/2018\/05\/LOGO300.jpg\",\"width\":300,\"height\":312,\"caption\":\"Cueilleur de m\u00e9moire - biographe familial en Dr\u00f4me et Rh\u00f4ne-Alpes\"},\"image\":{\"@id\":\"https:\/\/cueilleurdememoire.fr\/#logo\"}},{\"@type\":\"WebSite\",\"@id\":\"https:\/\/cueilleurdememoire.fr\/#website\",\"url\":\"https:\/\/cueilleurdememoire.fr\/\",\"name\":\"Cueilleur de m\u00e9moire - \u00e9crivain biographe en Dr\u00f4me et Rh\u00f4ne-Alpes\",\"description\":\"\",\"publisher\":{\"@id\":\"https:\/\/cueilleurdememoire.fr\/#organization\"},\"potentialAction\":[{\"@type\":\"SearchAction\",\"target\":{\"@type\":\"EntryPoint\",\"urlTemplate\":\"https:\/\/cueilleurdememoire.fr\/?s={search_term_string}\"},\"query-input\":\"required name=search_term_string\"}],\"inLanguage\":\"fr-FR\"},{\"@type\":\"WebPage\",\"@id\":\"https:\/\/cueilleurdememoire.fr\/?page_id=68#webpage\",\"url\":\"https:\/\/cueilleurdememoire.fr\/?page_id=68\",\"name\":\"Le livre de votre vie &ndash; Cueilleur de m\u00e9moire - \u00e9crivain biographe en Dr\u00f4me et Rh\u00f4ne-Alpes\",\"isPartOf\":{\"@id\":\"https:\/\/cueilleurdememoire.fr\/#website\"},\"datePublished\":\"2018-06-01T11:07:38+00:00\",\"dateModified\":\"2022-07-28T07:05:35+00:00\",\"breadcrumb\":{\"@id\":\"https:\/\/cueilleurdememoire.fr\/?page_id=68#breadcrumb\"},\"inLanguage\":\"fr-FR\",\"potentialAction\":[{\"@type\":\"ReadAction\",\"target\":[\"https:\/\/cueilleurdememoire.fr\/?page_id=68\"]}]},{\"@type\":\"BreadcrumbList\",\"@id\":\"https:\/\/cueilleurdememoire.fr\/?page_id=68#breadcrumb\",\"itemListElement\":[{\"@type\":\"ListItem\",\"position\":1,\"name\":\"Accueil\",\"item\":\"https:\/\/cueilleurdememoire.fr\/\"},{\"@type\":\"ListItem\",\"position\":2,\"name\":\"Le livre de votre vie\"}]}]}<\/script>\n<!-- \/ Yoast SEO plugin. -->","yoast_head_json":{"title":"Le livre de votre vie &ndash; Cueilleur de m\u00e9moire - \u00e9crivain biographe en Dr\u00f4me et Rh\u00f4ne-Alpes","robots":{"index":"index","follow":"follow","max-snippet":"max-snippet:-1","max-image-preview":"max-image-preview:large","max-video-preview":"max-video-preview:-1"},"canonical":"https:\/\/cueilleurdememoire.fr\/?page_id=68","og_locale":"fr_FR","og_type":"article","og_title":"Le livre de votre vie &ndash; Cueilleur de m\u00e9moire - \u00e9crivain biographe en Dr\u00f4me et Rh\u00f4ne-Alpes","og_description":"\u00c9crire ses m\u00e9moires, une belle aventure\u00a0! Parce que le pr\u00e9sent est forg\u00e9 par les \u00e9v\u00e9nements du pass\u00e9, transmettre \u00e0 nos proches l&rsquo;histoire de notre vie ou d&rsquo;une partie cl\u00e9 de notre v\u00e9cu peut nous sembler important. Je vous propose aujourd&rsquo;hui de vous accompagner dans l&rsquo;\u00e9criture de votre autobiographie, compl\u00e8te ou partielle. Si vous vous sentez [&hellip;]","og_url":"https:\/\/cueilleurdememoire.fr\/?page_id=68","og_site_name":"Cueilleur de m\u00e9moire - \u00e9crivain biographe en Dr\u00f4me et Rh\u00f4ne-Alpes","article_modified_time":"2022-07-28T07:05:35+00:00","twitter_card":"summary_large_image","twitter_misc":{"Dur\u00e9e de lecture estim\u00e9e":"4 minutes"},"schema":{"@context":"https:\/\/schema.org","@graph":[{"@type":"Organization","@id":"https:\/\/cueilleurdememoire.fr\/#organization","name":"Cueilleur de m\u00e9moire - biographe familial en Dr\u00f4me et Rh\u00f4ne-Alpes","url":"https:\/\/cueilleurdememoire.fr\/","sameAs":[],"logo":{"@type":"ImageObject","@id":"https:\/\/cueilleurdememoire.fr\/#logo","inLanguage":"fr-FR","url":"https:\/\/cueilleurdememoire.fr\/wp-content\/uploads\/2018\/05\/LOGO300.jpg","contentUrl":"https:\/\/cueilleurdememoire.fr\/wp-content\/uploads\/2018\/05\/LOGO300.jpg","width":300,"height":312,"caption":"Cueilleur de m\u00e9moire - biographe familial en Dr\u00f4me et Rh\u00f4ne-Alpes"},"image":{"@id":"https:\/\/cueilleurdememoire.fr\/#logo"}},{"@type":"WebSite","@id":"https:\/\/cueilleurdememoire.fr\/#website","url":"https:\/\/cueilleurdememoire.fr\/","name":"Cueilleur de m\u00e9moire - \u00e9crivain biographe en Dr\u00f4me et Rh\u00f4ne-Alpes","description":"","publisher":{"@id":"https:\/\/cueilleurdememoire.fr\/#organization"},"potentialAction":[{"@type":"SearchAction","target":{"@type":"EntryPoint","urlTemplate":"https:\/\/cueilleurdememoire.fr\/?s={search_term_string}"},"query-input":"required name=search_term_string"}],"inLanguage":"fr-FR"},{"@type":"WebPage","@id":"https:\/\/cueilleurdememoire.fr\/?page_id=68#webpage","url":"https:\/\/cueilleurdememoire.fr\/?page_id=68","name":"Le livre de votre vie &ndash; Cueilleur de m\u00e9moire - \u00e9crivain biographe en Dr\u00f4me et Rh\u00f4ne-Alpes","isPartOf":{"@id":"https:\/\/cueilleurdememoire.fr\/#website"},"datePublished":"2018-06-01T11:07:38+00:00","dateModified":"2022-07-28T07:05:35+00:00","breadcrumb":{"@id":"https:\/\/cueilleurdememoire.fr\/?page_id=68#breadcrumb"},"inLanguage":"fr-FR","potentialAction":[{"@type":"ReadAction","target":["https:\/\/cueilleurdememoire.fr\/?page_id=68"]}]},{"@type":"BreadcrumbList","@id":"https:\/\/cueilleurdememoire.fr\/?page_id=68#breadcrumb","itemListElement":[{"@type":"ListItem","position":1,"name":"Accueil","item":"https:\/\/cueilleurdememoire.fr\/"},{"@type":"ListItem","position":2,"name":"Le livre de votre vie"}]}]}},"_links":{"self":[{"href":"https:\/\/cueilleurdememoire.fr\/index.php?rest_route=\/wp\/v2\/pages\/68"}],"collection":[{"href":"https:\/\/cueilleurdememoire.fr\/index.php?rest_route=\/wp\/v2\/pages"}],"about":[{"href":"https:\/\/cueilleurdememoire.fr\/index.php?rest_route=\/wp\/v2\/types\/page"}],"author":[{"embeddable":true,"href":"https:\/\/cueilleurdememoire.fr\/index.php?rest_route=\/wp\/v2\/users\/1"}],"replies":[{"embeddable":true,"href":"https:\/\/cueilleurdememoire.fr\/index.php?rest_route=%2Fwp%2Fv2%2Fcomments&post=68"}],"version-history":[{"count":16,"href":"https:\/\/cueilleurdememoire.fr\/index.php?rest_route=\/wp\/v2\/pages\/68\/revisions"}],"predecessor-version":[{"id":424,"href":"https:\/\/cueilleurdememoire.fr\/index.php?rest_route=\/wp\/v2\/pages\/68\/revisions\/424"}],"wp:attachment":[{"href":"https:\/\/cueilleurdememoire.fr\/index.php?rest_route=%2Fwp%2Fv2%2Fmedia&parent=68"}],"curies":[{"name":"wp","href":"https:\/\/api.w.org\/{rel}","templated":true}]}}